{"id":5165,"date":"2025-11-10T10:19:25","date_gmt":"2025-11-10T10:19:25","guid":{"rendered":"https:\/\/marcostadelsol.com\/?page_id=5165"},"modified":"2025-11-10T10:20:54","modified_gmt":"2025-11-10T10:20:54","slug":"proprietes","status":"publish","type":"page","link":"https:\/\/marcostadelsol.com\/fr\/proprietes\/","title":{"rendered":"Proprietes"},"content":{"rendered":"\t\t<div data-elementor-type=\"wp-page\" data-elementor-id=\"5165\" class=\"elementor elementor-5165 elementor-5144\" data-elementor-post-type=\"page\">\n\t\t\t\t\t\t\t\t\t<section class=\"elementor-section elementor-top-section elementor-element elementor-element-63a7d56 elementor-section-full_width elementor-section-height-default elementor-section-height-default\" data-id=\"63a7d56\" data-element_type=\"section\" data-settings=\"{&quot;background_background&quot;:&quot;classic&quot;}\">\n\t\t\t\t\t\t\t<div class=\"elementor-background-overlay\"><\/div>\n\t\t\t\t\t\t\t<div class=\"elementor-container elementor-column-gap-default\">\n\t\t\t\t\t<div class=\"elementor-column elementor-col-100 elementor-top-column elementor-element elementor-element-eb8c524\" data-id=\"eb8c524\" data-element_type=\"column\">\n\t\t\t<div class=\"elementor-widget-wrap elementor-element-populated\">\n\t\t\t\t\t\t\t\t<div class=\"elementor-element elementor-element-4b3c2af elementor-widget elementor-widget-spacer\" data-id=\"4b3c2af\" data-element_type=\"widget\" data-widget_type=\"spacer.default\">\n\t\t\t\t<div class=\"elementor-widget-container\">\n\t\t\t\t\t<div class=\"elementor-spacer\">\n\t\t\t<div class=\"elementor-spacer-inner\"><\/div>\n\t\t<\/div>\n\t\t\t\t<\/div>\n\t\t\t\t<\/div>\n\t\t\t\t<section class=\"elementor-section elementor-inner-section elementor-element elementor-element-3e1c5ab elementor-section-boxed elementor-section-height-default elementor-section-height-default\" data-id=\"3e1c5ab\" data-element_type=\"section\">\n\t\t\t\t\t\t<div class=\"elementor-container elementor-column-gap-default\">\n\t\t\t\t\t<div class=\"elementor-column elementor-col-100 elementor-inner-column elementor-element elementor-element-2b7ea19\" data-id=\"2b7ea19\" data-element_type=\"column\">\n\t\t\t<div class=\"elementor-widget-wrap elementor-element-populated\">\n\t\t\t\t\t\t\t\t<div class=\"elementor-element elementor-element-3d08bf9 elementor-widget elementor-widget-heading\" data-id=\"3d08bf9\" data-element_type=\"widget\" data-widget_type=\"heading.default\">\n\t\t\t\t<div class=\"elementor-widget-container\">\n\t\t\t<h1 class=\"elementor-heading-title elementor-size-default\">PROPRIETES<\/h1>\t\t<\/div>\n\t\t\t\t<\/div>\n\t\t\t\t<div class=\"elementor-element elementor-element-81a642c elementor-widget-divider--view-line elementor-widget elementor-widget-divider\" data-id=\"81a642c\" data-element_type=\"widget\" data-widget_type=\"divider.default\">\n\t\t\t\t<div class=\"elementor-widget-container\">\n\t\t\t\t\t<div class=\"elementor-divider\">\n\t\t\t<span class=\"elementor-divider-separator\">\n\t\t\t\t\t\t<\/span>\n\t\t<\/div>\n\t\t\t\t<\/div>\n\t\t\t\t<\/div>\n\t\t\t\t<div class=\"elementor-element elementor-element-f2c7c20 elementor-widget elementor-widget-spacer\" data-id=\"f2c7c20\" data-element_type=\"widget\" data-widget_type=\"spacer.default\">\n\t\t\t\t<div class=\"elementor-widget-container\">\n\t\t\t\t\t<div class=\"elementor-spacer\">\n\t\t\t<div class=\"elementor-spacer-inner\"><\/div>\n\t\t<\/div>\n\t\t\t\t<\/div>\n\t\t\t\t<\/div>\n\t\t\t\t\t<\/div>\n\t\t<\/div>\n\t\t\t\t\t\t\t<\/div>\n\t\t<\/section>\n\t\t\t\t\t<\/div>\n\t\t<\/div>\n\t\t\t\t\t\t\t<\/div>\n\t\t<\/section>\n\t\t\t\t<section class=\"elementor-section elementor-top-section elementor-element elementor-element-e594af3 elementor-section-boxed elementor-section-height-default elementor-section-height-default\" data-id=\"e594af3\" data-element_type=\"section\" id=\"mas\">\n\t\t\t\t\t\t<div class=\"elementor-container elementor-column-gap-default\">\n\t\t\t\t\t<div class=\"elementor-column elementor-col-100 elementor-top-column elementor-element elementor-element-9af02ab\" data-id=\"9af02ab\" data-element_type=\"column\">\n\t\t\t<div class=\"elementor-widget-wrap elementor-element-populated\">\n\t\t\t\t\t\t\t\t<div class=\"elementor-element elementor-element-b1f2695 elementor-widget elementor-widget-spacer\" data-id=\"b1f2695\" data-element_type=\"widget\" data-widget_type=\"spacer.default\">\n\t\t\t\t<div class=\"elementor-widget-container\">\n\t\t\t\t\t<div class=\"elementor-spacer\">\n\t\t\t<div class=\"elementor-spacer-inner\"><\/div>\n\t\t<\/div>\n\t\t\t\t<\/div>\n\t\t\t\t<\/div>\n\t\t\t\t<section class=\"elementor-section elementor-inner-section elementor-element elementor-element-02870ce elementor-reverse-mobile elementor-section-boxed elementor-section-height-default elementor-section-height-default\" data-id=\"02870ce\" data-element_type=\"section\">\n\t\t\t\t\t\t<div class=\"elementor-container elementor-column-gap-default\">\n\t\t\t\t\t<div class=\"elementor-column elementor-col-100 elementor-inner-column elementor-element elementor-element-f125d9a\" data-id=\"f125d9a\" data-element_type=\"column\">\n\t\t\t<div class=\"elementor-widget-wrap elementor-element-populated\">\n\t\t\t\t\t\t\t\t<div class=\"elementor-element elementor-element-bdba489 elementor-widget elementor-widget-heading\" data-id=\"bdba489\" data-element_type=\"widget\" data-widget_type=\"heading.default\">\n\t\t\t\t<div class=\"elementor-widget-container\">\n\t\t\t<h2 class=\"elementor-heading-title elementor-size-default\">Recherch\u00e9 de propri\u00e9t\u00e9s sur la Costa del Sol<\/h2>\t\t<\/div>\n\t\t\t\t<\/div>\n\t\t\t\t<div class=\"elementor-element elementor-element-879cb19 elementor-widget elementor-widget-text-editor\" data-id=\"879cb19\" data-element_type=\"widget\" data-widget_type=\"text-editor.default\">\n\t\t\t\t<div class=\"elementor-widget-container\">\n\t\t\t\t\t\t\t<p data-start=\"135\" data-end=\"466\">Nous sommes <strong>sp\u00e9cialis\u00e9s dans les propri\u00e9t\u00e9s situ\u00e9es sur la Costa del Sol<\/strong>, o\u00f9 nous pouvons trouver le bien que vous souhaitez (Appartement, Chalet, Villa, etc.). Nous vous pr\u00e9sentons ici quelques-unes des propri\u00e9t\u00e9s actuellement disponibles \u00e0 la vente tout au long de la Costa del Sol.<\/p><p data-start=\"468\" data-end=\"594\" data-is-last-node=\"\" data-is-only-node=\"\">Si vous souhaitez vendre ou acheter, vous pouvez cliquer sur le lien suivant, et nous vous expliquerons la proc\u00e9dure \u00e0 suivre.<\/p>\t\t\t\t\t\t<\/div>\n\t\t\t\t<\/div>\n\t\t\t\t<div class=\"elementor-element elementor-element-55e35ed elementor-widget elementor-widget-shortcode\" data-id=\"55e35ed\" data-element_type=\"widget\" data-widget_type=\"shortcode.default\">\n\t\t\t\t<div class=\"elementor-widget-container\">\n\t\t\t\t\t<div class=\"elementor-shortcode\">        <link rel=\"stylesheet\" href=\"https:\/\/marcostadelsol.com\/wp-content\/themes\/generatepress_child\/shortcode-templates\/assets\/css\/font-awesome.min.css\">\n                <div class=\"custom-property-wrapper\">\n                    <article class=\"custom-property input__pr-viv\">\n                <div class=\"content__pr-viv\">\n                    <div class=\"img__pr-viv MR01672\/5720\">\n                        <a class=\"content-info\" style=\"position:relative;\" href=\"http:\/\/www.marbenalmadena.com\/fichapiso.php?datoofe=27383120&#038;numagencia=5720&#038;soyinmo=5720\" target=\"_blank\" rel=\"noopener\">\n                                                            <img decoding=\"async\" src=\"https:\/\/fotos15.apinmo.com\/5720\/27383120\/16-1.jpg\" alt=\"\">\n                            \n                            <div class=\"header__pr-viv\">\n                                                                <span class=\"type-operation\">FOR RENT \/ Torremolinos<\/span>\n\n                                <span class=\"price\">1.350 \u20ac \/ month<\/span>                            <\/div>\n\n                            <span class=\"type-inmo\">Commercial Unit<\/span>\n                        <\/a>\n\n                        <div class=\"row-info\">\n                            <span class=\"metros\"><i class=\"fa fa-arrows-alt\"><\/i> 102m <sup>2<\/sup><\/span><span class=\"banyos\"><i class=\"fa fa-bath\" aria-hidden=\"true\"><\/i> 1<\/span><span class=\"habitaciones\"><i class=\"fa fa-bed\" aria-hidden=\"true\"><\/i> 2<\/span>                        <\/div>\n                    <\/div>\n\n                    <div class=\"desc__pr-viv\">\n                        <a href=\"http:\/\/www.marbenalmadena.com\/fichapiso.php?datoofe=27383120&#038;numagencia=5720&#038;soyinmo=5720\" target=\"_blank\" rel=\"noopener\">\n                            <p class=\"title\">Commercial Unit Torremolinos (La Colina)<\/p>\n                        <\/a>\n                        <p class=\"desc\">Spacious Commercial Premises in La Colina, Torremolinos - Rental Opportunity. . We present a prime commercial premises located in the\u2026<\/p>                    <\/div>\n                <\/div>\n            <\/article>\n                    <article class=\"custom-property input__pr-viv\">\n                <div class=\"content__pr-viv\">\n                    <div class=\"img__pr-viv MR01667\/5720\">\n                        <a class=\"content-info\" style=\"position:relative;\" href=\"http:\/\/www.marbenalmadena.com\/fichapiso.php?datoofe=26357831&#038;numagencia=5720&#038;soyinmo=5720\" target=\"_blank\" rel=\"noopener\">\n                                                            <img decoding=\"async\" src=\"https:\/\/fotos15.apinmo.com\/5720\/26357831\/19-1.jpg\" alt=\"\">\n                            \n                            <div class=\"header__pr-viv\">\n                                                                <span class=\"type-operation\">FOR RENT \/ Marbella<\/span>\n\n                                <span class=\"price\">2.000 \u20ac \/ month<\/span>                            <\/div>\n\n                            <span class=\"type-inmo\">Flat<\/span>\n                        <\/a>\n\n                        <div class=\"row-info\">\n                            <span class=\"metros\"><i class=\"fa fa-arrows-alt\"><\/i> 136m <sup>2<\/sup><\/span><span class=\"banyos\"><i class=\"fa fa-bath\" aria-hidden=\"true\"><\/i> 2<\/span><span class=\"habitaciones\"><i class=\"fa fa-bed\" aria-hidden=\"true\"><\/i> 3<\/span>                        <\/div>\n                    <\/div>\n\n                    <div class=\"desc__pr-viv\">\n                        <a href=\"http:\/\/www.marbenalmadena.com\/fichapiso.php?datoofe=26357831&#038;numagencia=5720&#038;soyinmo=5720\" target=\"_blank\" rel=\"noopener\">\n                            <p class=\"title\">Flat Marbella (Puerto Ban\u00fas)<\/p>\n                        <\/a>\n                        <p class=\"desc\">AVAILABLE FOR RENT FROM SEPTEMBER 1, 2026 TO JUNE 10, 2027. Discover this magnificent apartment located in the prestigious Nueva\u2026<\/p>                    <\/div>\n                <\/div>\n            <\/article>\n                    <article class=\"custom-property input__pr-viv\">\n                <div class=\"content__pr-viv\">\n                    <div class=\"img__pr-viv MR01549\/5720\">\n                        <a class=\"content-info\" style=\"position:relative;\" href=\"http:\/\/www.marbenalmadena.com\/fichapiso.php?datoofe=19316141&#038;numagencia=5720&#038;soyinmo=5720\" target=\"_blank\" rel=\"noopener\">\n                                                            <img decoding=\"async\" src=\"https:\/\/fotos15.apinmo.com\/5720\/19316141\/14-1.jpg\" alt=\"\">\n                            \n                            <div class=\"header__pr-viv\">\n                                                                <span class=\"type-operation\">FOR SALE \/ Estepona<\/span>\n\n                                <span class=\"price\">257.500 \u20ac<\/span>                            <\/div>\n\n                            <span class=\"type-inmo\">Apartment<\/span>\n                        <\/a>\n\n                        <div class=\"row-info\">\n                            <span class=\"metros\"><i class=\"fa fa-arrows-alt\"><\/i> 82m <sup>2<\/sup><\/span><span class=\"banyos\"><i class=\"fa fa-bath\" aria-hidden=\"true\"><\/i> 2<\/span><span class=\"habitaciones\"><i class=\"fa fa-bed\" aria-hidden=\"true\"><\/i> 2<\/span>                        <\/div>\n                    <\/div>\n\n                    <div class=\"desc__pr-viv\">\n                        <a href=\"http:\/\/www.marbenalmadena.com\/fichapiso.php?datoofe=19316141&#038;numagencia=5720&#038;soyinmo=5720\" target=\"_blank\" rel=\"noopener\">\n                            <p class=\"title\">Apartment Estepona (Valle Romano)<\/p>\n                        <\/a>\n                        <p class=\"desc\">This wonderful flat is located in an idyllic setting.. . It is distributed in two bedrooms and two bathrooms, spacious\u2026<\/p>                    <\/div>\n                <\/div>\n            <\/article>\n                    <article class=\"custom-property input__pr-viv\">\n                <div class=\"content__pr-viv\">\n                    <div class=\"img__pr-viv MR01648\/5720\">\n                        <a class=\"content-info\" style=\"position:relative;\" href=\"http:\/\/www.marbenalmadena.com\/fichapiso.php?datoofe=24016789&#038;numagencia=5720&#038;soyinmo=5720\" target=\"_blank\" rel=\"noopener\">\n                                                            <img decoding=\"async\" src=\"https:\/\/fotos15.apinmo.com\/5720\/24016789\/6-1.jpg\" alt=\"\">\n                            \n                            <div class=\"header__pr-viv\">\n                                                                <span class=\"type-operation\">FOR SALE \/ Mijas<\/span>\n\n                                <span class=\"price\">295.000 \u20ac<\/span>                            <\/div>\n\n                            <span class=\"type-inmo\">Apartment<\/span>\n                        <\/a>\n\n                        <div class=\"row-info\">\n                            <span class=\"metros\"><i class=\"fa fa-arrows-alt\"><\/i> 61m <sup>2<\/sup><\/span><span class=\"banyos\"><i class=\"fa fa-bath\" aria-hidden=\"true\"><\/i> 1<\/span><span class=\"habitaciones\"><i class=\"fa fa-bed\" aria-hidden=\"true\"><\/i> 1<\/span>                        <\/div>\n                    <\/div>\n\n                    <div class=\"desc__pr-viv\">\n                        <a href=\"http:\/\/www.marbenalmadena.com\/fichapiso.php?datoofe=24016789&#038;numagencia=5720&#038;soyinmo=5720\" target=\"_blank\" rel=\"noopener\">\n                            <p class=\"title\">Apartment Mijas (Las Flores)<\/p>\n                        <\/a>\n                        <p class=\"desc\">Exclusive 1 bedroom flat in Las Lagunas de Mijas, where avant-garde design and the comforts of a five star hotel\u2026<\/p>                    <\/div>\n                <\/div>\n            <\/article>\n                    <article class=\"custom-property input__pr-viv\">\n                <div class=\"content__pr-viv\">\n                    <div class=\"img__pr-viv MR01655\/5720\">\n                        <a class=\"content-info\" style=\"position:relative;\" href=\"http:\/\/www.marbenalmadena.com\/fichapiso.php?datoofe=24148933&#038;numagencia=5720&#038;soyinmo=5720\" target=\"_blank\" rel=\"noopener\">\n                                                            <img decoding=\"async\" src=\"https:\/\/fotos15.apinmo.com\/5720\/24148933\/5-1.jpg\" alt=\"\">\n                            \n                            <div class=\"header__pr-viv\">\n                                                                <span class=\"type-operation\">FOR SALE \/ Torremolinos<\/span>\n\n                                <span class=\"price\">297.500 \u20ac<\/span>                            <\/div>\n\n                            <span class=\"type-inmo\">Apartment<\/span>\n                        <\/a>\n\n                        <div class=\"row-info\">\n                            <span class=\"metros\"><i class=\"fa fa-arrows-alt\"><\/i> 86m <sup>2<\/sup><\/span><span class=\"banyos\"><i class=\"fa fa-bath\" aria-hidden=\"true\"><\/i> 1<\/span><span class=\"habitaciones\"><i class=\"fa fa-bed\" aria-hidden=\"true\"><\/i> 1<\/span>                        <\/div>\n                    <\/div>\n\n                    <div class=\"desc__pr-viv\">\n                        <a href=\"http:\/\/www.marbenalmadena.com\/fichapiso.php?datoofe=24148933&#038;numagencia=5720&#038;soyinmo=5720\" target=\"_blank\" rel=\"noopener\">\n                            <p class=\"title\">Apartment Torremolinos (El Pinillo)<\/p>\n                        <\/a>\n                        <p class=\"desc\">If you are looking for comfort, nature, and an all-inclusive home style, you will love, this 1 bedroom flat, in\u2026<\/p>                    <\/div>\n                <\/div>\n            <\/article>\n                    <article class=\"custom-property input__pr-viv\">\n                <div class=\"content__pr-viv\">\n                    <div class=\"img__pr-viv MR01400\/5720\">\n                        <a class=\"content-info\" style=\"position:relative;\" href=\"http:\/\/www.marbenalmadena.com\/fichapiso.php?datoofe=16558012&#038;numagencia=5720&#038;soyinmo=5720\" target=\"_blank\" rel=\"noopener\">\n                                                            <img decoding=\"async\" src=\"https:\/\/fotos15.apinmo.com\/5720\/16558012\/6-1.jpg\" alt=\"\">\n                            \n                            <div class=\"header__pr-viv\">\n                                                                <span class=\"type-operation\">FOR SALE \/ Estepona<\/span>\n\n                                <span class=\"price\">359.000 \u20ac<\/span>                            <\/div>\n\n                            <span class=\"type-inmo\">Apartment<\/span>\n                        <\/a>\n\n                        <div class=\"row-info\">\n                            <span class=\"metros\"><i class=\"fa fa-arrows-alt\"><\/i> 90m <sup>2<\/sup><\/span><span class=\"banyos\"><i class=\"fa fa-bath\" aria-hidden=\"true\"><\/i> 1<\/span><span class=\"habitaciones\"><i class=\"fa fa-bed\" aria-hidden=\"true\"><\/i> 2<\/span>                        <\/div>\n                    <\/div>\n\n                    <div class=\"desc__pr-viv\">\n                        <a href=\"http:\/\/www.marbenalmadena.com\/fichapiso.php?datoofe=16558012&#038;numagencia=5720&#038;soyinmo=5720\" target=\"_blank\" rel=\"noopener\">\n                            <p class=\"title\">Apartment Estepona (Estepona)<\/p>\n                        <\/a>\n                        <p class=\"desc\">Enjoy this bright and luxurious newly built flat in Estepona. . . With a spacious terrace that you can access\u2026<\/p>                    <\/div>\n                <\/div>\n            <\/article>\n        \n        <nav class=\"pagination\"><ul class=\"page-numbers\"><li><a href='?pag=1&' aria-current='page' class='page-numbers current'>1<\/a><\/li><li><a href='?pag=2&' aria-current='page' class='page-numbers '>2<\/a><\/li><li><a href='?pag=3&' aria-current='page' class='page-numbers '>3<\/a><\/li><li><a href='?pag=4&' aria-current='page' class='page-numbers '>4<\/a><\/li><li><a href='?pag=5&' aria-current='page' class='page-numbers '>5<\/a><\/li><\/ul><\/nav>        <\/div>\n                <\/div>\n\t\t\t\t<\/div>\n\t\t\t\t<\/div>\n\t\t\t\t\t<\/div>\n\t\t<\/div>\n\t\t\t\t\t\t\t<\/div>\n\t\t<\/section>\n\t\t\t\t\t<\/div>\n\t\t<\/div>\n\t\t\t\t\t\t\t<\/div>\n\t\t<\/section>\n\t\t\t\t<section class=\"elementor-section elementor-top-section elementor-element elementor-element-50b0fd4 elementor-section-full_width elementor-section-height-default elementor-section-height-default\" data-id=\"50b0fd4\" data-element_type=\"section\">\n\t\t\t\t\t\t<div class=\"elementor-container elementor-column-gap-no\">\n\t\t\t\t\t<div class=\"elementor-column elementor-col-100 elementor-top-column elementor-element elementor-element-1713de2\" data-id=\"1713de2\" data-element_type=\"column\">\n\t\t\t<div class=\"elementor-widget-wrap elementor-element-populated\">\n\t\t\t\t\t\t\t\t<div class=\"elementor-element elementor-element-575b329 elementor-widget-divider--view-line elementor-widget elementor-widget-divider\" data-id=\"575b329\" data-element_type=\"widget\" data-widget_type=\"divider.default\">\n\t\t\t\t<div class=\"elementor-widget-container\">\n\t\t\t\t\t<div class=\"elementor-divider\">\n\t\t\t<span class=\"elementor-divider-separator\">\n\t\t\t\t\t\t<\/span>\n\t\t<\/div>\n\t\t\t\t<\/div>\n\t\t\t\t<\/div>\n\t\t\t\t\t<\/div>\n\t\t<\/div>\n\t\t\t\t\t\t\t<\/div>\n\t\t<\/section>\n\t\t\t\t<section class=\"elementor-section elementor-top-section elementor-element elementor-element-d3f34d5 elementor-section-boxed elementor-section-height-default elementor-section-height-default\" data-id=\"d3f34d5\" data-element_type=\"section\">\n\t\t\t\t\t\t<div class=\"elementor-container elementor-column-gap-default\">\n\t\t\t\t\t<div class=\"elementor-column elementor-col-100 elementor-top-column elementor-element elementor-element-ec33548\" data-id=\"ec33548\" data-element_type=\"column\">\n\t\t\t<div class=\"elementor-widget-wrap elementor-element-populated\">\n\t\t\t\t\t\t\t\t<div class=\"elementor-element elementor-element-a259613 elementor-widget elementor-widget-shortcode\" data-id=\"a259613\" data-element_type=\"widget\" data-widget_type=\"shortcode.default\">\n\t\t\t\t<div class=\"elementor-widget-container\">\n\t\t\t\t\t<div class=\"elementor-shortcode\">\t\t<div data-elementor-type=\"section\" data-elementor-id=\"1509\" class=\"elementor elementor-1509 elementor-162\" data-elementor-post-type=\"elementor_library\">\n\t\t\t\t\t\t\t\t<section class=\"elementor-section elementor-top-section elementor-element elementor-element-664463fe elementor-section-boxed elementor-section-height-default elementor-section-height-default\" data-id=\"664463fe\" data-element_type=\"section\">\n\t\t\t\t\t\t<div class=\"elementor-container elementor-column-gap-default\">\n\t\t\t\t\t<div class=\"elementor-column elementor-col-50 elementor-top-column elementor-element elementor-element-225d7adf\" data-id=\"225d7adf\" data-element_type=\"column\">\n\t\t\t<div class=\"elementor-widget-wrap elementor-element-populated\">\n\t\t\t\t\t\t\t\t<div class=\"elementor-element elementor-element-7d7a3dae elementor-widget elementor-widget-image\" data-id=\"7d7a3dae\" data-element_type=\"widget\" data-widget_type=\"image.default\">\n\t\t\t\t<div class=\"elementor-widget-container\">\n\t\t\t\t\t\t\t\t\t\t\t\t\t\t\t<img loading=\"lazy\" decoding=\"async\" width=\"1024\" height=\"768\" src=\"https:\/\/marcostadelsol.com\/wp-content\/uploads\/2021\/06\/Exterior_entrance_min-e1686133371542.jpg\" class=\"attachment-large size-large wp-image-1729\" alt=\"Invertir en inmueble en la Costa del Sol\" \/>\t\t\t\t\t\t\t\t\t\t\t\t\t\t\t<\/div>\n\t\t\t\t<\/div>\n\t\t\t\t\t<\/div>\n\t\t<\/div>\n\t\t\t\t<div class=\"elementor-column elementor-col-50 elementor-top-column elementor-element elementor-element-13cea9ce\" data-id=\"13cea9ce\" data-element_type=\"column\">\n\t\t\t<div class=\"elementor-widget-wrap elementor-element-populated\">\n\t\t\t\t\t\t\t\t<div class=\"elementor-element elementor-element-5960ae0d elementor-widget elementor-widget-heading\" data-id=\"5960ae0d\" data-element_type=\"widget\" data-widget_type=\"heading.default\">\n\t\t\t\t<div class=\"elementor-widget-container\">\n\t\t\t<h3 class=\"elementor-heading-title elementor-size-default\">contactez-nous<\/h3>\t\t<\/div>\n\t\t\t\t<\/div>\n\t\t\t\t<div class=\"elementor-element elementor-element-1657a993 elementor-button-align-end elementor-mobile-button-align-center elementor-widget elementor-widget-form\" data-id=\"1657a993\" data-element_type=\"widget\" data-settings=\"{&quot;step_next_label&quot;:&quot;Next&quot;,&quot;step_previous_label&quot;:&quot;Previous&quot;,&quot;button_width&quot;:&quot;100&quot;,&quot;step_type&quot;:&quot;number_text&quot;,&quot;step_icon_shape&quot;:&quot;circle&quot;}\" data-widget_type=\"form.default\">\n\t\t\t\t<div class=\"elementor-widget-container\">\n\t\t\t\t\t<form class=\"elementor-form\" method=\"post\" name=\"Nuevo Formulario\">\n\t\t\t<input type=\"hidden\" name=\"post_id\" value=\"1509\"\/>\n\t\t\t<input type=\"hidden\" name=\"form_id\" value=\"1657a993\"\/>\n\t\t\t<input type=\"hidden\" name=\"referer_title\" value=\"Mar Costa del Sol\" \/>\n\n\t\t\t\n\t\t\t<div class=\"elementor-form-fields-wrapper elementor-labels-\">\n\t\t\t\t\t\t\t\t<div class=\"elementor-field-type-text elementor-field-group elementor-column elementor-field-group-name elementor-col-50 elementor-field-required\">\n\t\t\t\t\t\t\t\t\t\t\t\t<label for=\"form-field-name\" class=\"elementor-field-label elementor-screen-only\">\n\t\t\t\t\t\t\t\tNombre\t\t\t\t\t\t\t<\/label>\n\t\t\t\t\t\t\t\t\t\t\t\t\t\t<input size=\"1\" type=\"text\" name=\"form_fields[name]\" id=\"form-field-name\" class=\"elementor-field elementor-size-sm  elementor-field-textual\" placeholder=\"Pr\u00e9nom\" required=\"required\" aria-required=\"true\">\n\t\t\t\t\t\t\t\t\t\t\t<\/div>\n\t\t\t\t\t\t\t\t<div class=\"elementor-field-type-text elementor-field-group elementor-column elementor-field-group-field_1f1cae1 elementor-col-50 elementor-field-required\">\n\t\t\t\t\t\t\t\t\t\t\t\t<label for=\"form-field-field_1f1cae1\" class=\"elementor-field-label elementor-screen-only\">\n\t\t\t\t\t\t\t\tApellido\t\t\t\t\t\t\t<\/label>\n\t\t\t\t\t\t\t\t\t\t\t\t\t\t<input size=\"1\" type=\"text\" name=\"form_fields[field_1f1cae1]\" id=\"form-field-field_1f1cae1\" class=\"elementor-field elementor-size-sm  elementor-field-textual\" placeholder=\"Nom\" required=\"required\" aria-required=\"true\">\n\t\t\t\t\t\t\t\t\t\t\t<\/div>\n\t\t\t\t\t\t\t\t<div class=\"elementor-field-type-email elementor-field-group elementor-column elementor-field-group-email elementor-col-50 elementor-field-required\">\n\t\t\t\t\t\t\t\t\t\t\t\t<label for=\"form-field-email\" class=\"elementor-field-label elementor-screen-only\">\n\t\t\t\t\t\t\t\tCorreo\t\t\t\t\t\t\t<\/label>\n\t\t\t\t\t\t\t\t\t\t\t\t\t\t<input size=\"1\" type=\"email\" name=\"form_fields[email]\" id=\"form-field-email\" class=\"elementor-field elementor-size-sm  elementor-field-textual\" placeholder=\"Courriel \" required=\"required\" aria-required=\"true\">\n\t\t\t\t\t\t\t\t\t\t\t<\/div>\n\t\t\t\t\t\t\t\t<div class=\"elementor-field-type-tel elementor-field-group elementor-column elementor-field-group-field_80f6956 elementor-col-50 elementor-field-required\">\n\t\t\t\t\t\t\t\t\t\t\t\t<label for=\"form-field-field_80f6956\" class=\"elementor-field-label elementor-screen-only\">\n\t\t\t\t\t\t\t\tTel\u00e9fono \t\t\t\t\t\t\t<\/label>\n\t\t\t\t\t\t\t\t<input size=\"1\" type=\"tel\" name=\"form_fields[field_80f6956]\" id=\"form-field-field_80f6956\" class=\"elementor-field elementor-size-sm  elementor-field-textual\" placeholder=\"T\u00e9l\u00e9phone\" required=\"required\" aria-required=\"true\" pattern=\"[0-9()#&amp;+*-=.]+\" title=\"Seuls les caract\u00e8res de num\u00e9ros de t\u00e9l\u00e9phone (#, -, *, etc.) sont accept\u00e9s.\">\n\n\t\t\t\t\t\t<\/div>\n\t\t\t\t\t\t\t\t<div class=\"elementor-field-type-textarea elementor-field-group elementor-column elementor-field-group-message elementor-col-100\">\n\t\t\t\t\t\t\t\t\t\t\t\t<label for=\"form-field-message\" class=\"elementor-field-label elementor-screen-only\">\n\t\t\t\t\t\t\t\tMensaje\t\t\t\t\t\t\t<\/label>\n\t\t\t\t\t\t<textarea class=\"elementor-field-textual elementor-field  elementor-size-sm\" name=\"form_fields[message]\" id=\"form-field-message\" rows=\"4\" placeholder=\"Message\"><\/textarea>\t\t\t\t<\/div>\n\t\t\t\t\t\t\t\t<div class=\"elementor-field-type-recaptcha_v3 elementor-field-group elementor-column elementor-field-group-field_54c6ee7 elementor-col-100 recaptcha_v3-bottomright\">\n\t\t\t\t\t<div class=\"elementor-field\" id=\"form-field-field_54c6ee7\"><div class=\"elementor-g-recaptcha\" data-sitekey=\"6Ld3BOoeAAAAAA7emhYiIqoXBcouXy3EwsW7oPuQ\" data-type=\"v3\" data-action=\"Form\" data-badge=\"bottomright\" data-size=\"invisible\"><\/div><\/div>\t\t\t\t<\/div>\n\t\t\t\t\t\t\t\t<div class=\"elementor-field-type-text\">\n\t\t\t\t\t<input size=\"1\" type=\"text\" name=\"form_fields[field_7dea826]\" id=\"form-field-field_7dea826\" class=\"elementor-field elementor-size-sm \" style=\"display:none !important;\">\t\t\t\t<\/div>\n\t\t\t\t\t\t\t\t<div class=\"elementor-field-group elementor-column elementor-field-type-submit elementor-col-100 e-form__buttons\">\n\t\t\t\t\t<button type=\"submit\" class=\"elementor-button elementor-size-sm\">\n\t\t\t\t\t\t<span >\n\t\t\t\t\t\t\t\t\t\t\t\t\t\t\t<span class=\" elementor-button-icon\">\n\t\t\t\t\t\t\t\t\t\t\t\t\t\t\t\t\t\t\t\t\t\t\t\t\t\t<\/span>\n\t\t\t\t\t\t\t\t\t\t\t\t\t\t\t\t\t\t\t\t\t\t<span class=\"elementor-button-text\">Envoyer<\/span>\n\t\t\t\t\t\t\t\t\t\t\t\t\t<\/span>\n\t\t\t\t\t<\/button>\n\t\t\t\t<\/div>\n\t\t\t<\/div>\n\t\t<\/form>\n\t\t\t\t<\/div>\n\t\t\t\t<\/div>\n\t\t\t\t<div class=\"elementor-element elementor-element-ce3ff7e elementor-widget elementor-widget-spacer\" data-id=\"ce3ff7e\" data-element_type=\"widget\" data-widget_type=\"spacer.default\">\n\t\t\t\t<div class=\"elementor-widget-container\">\n\t\t\t\t\t<div class=\"elementor-spacer\">\n\t\t\t<div class=\"elementor-spacer-inner\"><\/div>\n\t\t<\/div>\n\t\t\t\t<\/div>\n\t\t\t\t<\/div>\n\t\t\t\t\t<\/div>\n\t\t<\/div>\n\t\t\t\t\t\t\t<\/div>\n\t\t<\/section>\n\t\t\t\t\t\t<\/div>\n\t\t<\/div>\n\t\t\t\t<\/div>\n\t\t\t\t<\/div>\n\t\t\t\t<div class=\"elementor-element elementor-element-804a679 elementor-widget elementor-widget-spacer\" data-id=\"804a679\" data-element_type=\"widget\" data-widget_type=\"spacer.default\">\n\t\t\t\t<div class=\"elementor-widget-container\">\n\t\t\t\t\t<div class=\"elementor-spacer\">\n\t\t\t<div class=\"elementor-spacer-inner\"><\/div>\n\t\t<\/div>\n\t\t\t\t<\/div>\n\t\t\t\t<\/div>\n\t\t\t\t\t<\/div>\n\t\t<\/div>\n\t\t\t\t\t\t\t<\/div>\n\t\t<\/section>\n\t\t\t\t\t\t\t<\/div>\n\t\t","protected":false},"excerpt":{"rendered":"<p>PROPRIETES Recherch\u00e9 de propri\u00e9t\u00e9s sur la Costa del Sol Nous sommes sp\u00e9cialis\u00e9s dans les propri\u00e9t\u00e9s situ\u00e9es sur la Costa del Sol, o\u00f9 nous pouvons trouver le bien que vous souhaitez (Appartement, Chalet, Villa, etc.). Nous vous pr\u00e9sentons ici quelques-unes des propri\u00e9t\u00e9s actuellement disponibles \u00e0 la vente tout au long de la Costa del Sol. Si &#8230; <a title=\"Proprietes\" class=\"read-more\" href=\"https:\/\/marcostadelsol.com\/fr\/proprietes\/\" aria-label=\"En savoir plus sur Proprietes\">Lire la suite<\/a><\/p>\n","protected":false},"author":5,"featured_media":0,"parent":0,"menu_order":0,"comment_status":"closed","ping_status":"closed","template":"elementor_header_footer","meta":{"footnotes":""},"class_list":["post-5165","page","type-page","status-publish"],"yoast_head":"<!-- This site is optimized with the Yoast SEO plugin v21.0 - https:\/\/yoast.com\/wordpress\/plugins\/seo\/ -->\n<title>Proprietes - Mar Costa del Sol<\/title>\n<meta name=\"robots\" content=\"index, follow, max-snippet:-1, max-image-preview:large, max-video-preview:-1\" \/>\n<link rel=\"canonical\" href=\"https:\/\/marcostadelsol.com\/fr\/proprietes\/\" \/>\n<meta property=\"og:locale\" content=\"fr_FR\" \/>\n<meta property=\"og:type\" content=\"article\" \/>\n<meta property=\"og:title\" content=\"Proprietes - Mar Costa del Sol\" \/>\n<meta property=\"og:description\" content=\"PROPRIETES Recherch\u00e9 de propri\u00e9t\u00e9s sur la Costa del Sol Nous sommes sp\u00e9cialis\u00e9s dans les propri\u00e9t\u00e9s situ\u00e9es sur la Costa del Sol, o\u00f9 nous pouvons trouver le bien que vous souhaitez (Appartement, Chalet, Villa, etc.). Nous vous pr\u00e9sentons ici quelques-unes des propri\u00e9t\u00e9s actuellement disponibles \u00e0 la vente tout au long de la Costa del Sol. Si ... Lire la suite\" \/>\n<meta property=\"og:url\" content=\"https:\/\/marcostadelsol.com\/fr\/proprietes\/\" \/>\n<meta property=\"og:site_name\" content=\"Mar Costa del Sol\" \/>\n<meta property=\"article:modified_time\" content=\"2025-11-10T10:20:54+00:00\" \/>\n<meta name=\"twitter:card\" content=\"summary_large_image\" \/>\n<meta name=\"twitter:label1\" content=\"Dur\u00e9e de lecture estim\u00e9e\" \/>\n\t<meta name=\"twitter:data1\" content=\"4 minutes\" \/>\n<script type=\"application\/ld+json\" class=\"yoast-schema-graph\">{\"@context\":\"https:\/\/schema.org\",\"@graph\":[{\"@type\":\"WebPage\",\"@id\":\"https:\/\/marcostadelsol.com\/fr\/proprietes\/\",\"url\":\"https:\/\/marcostadelsol.com\/fr\/proprietes\/\",\"name\":\"Proprietes - Mar Costa del Sol\",\"isPartOf\":{\"@id\":\"https:\/\/marcostadelsol.com\/fr\/#website\"},\"datePublished\":\"2025-11-10T10:19:25+00:00\",\"dateModified\":\"2025-11-10T10:20:54+00:00\",\"breadcrumb\":{\"@id\":\"https:\/\/marcostadelsol.com\/fr\/proprietes\/#breadcrumb\"},\"inLanguage\":\"fr-FR\",\"potentialAction\":[{\"@type\":\"ReadAction\",\"target\":[\"https:\/\/marcostadelsol.com\/fr\/proprietes\/\"]}]},{\"@type\":\"BreadcrumbList\",\"@id\":\"https:\/\/marcostadelsol.com\/fr\/proprietes\/#breadcrumb\",\"itemListElement\":[{\"@type\":\"ListItem\",\"position\":1,\"name\":\"Portada\",\"item\":\"https:\/\/marcostadelsol.com\/fr\/\"},{\"@type\":\"ListItem\",\"position\":2,\"name\":\"Proprietes\"}]},{\"@type\":\"WebSite\",\"@id\":\"https:\/\/marcostadelsol.com\/fr\/#website\",\"url\":\"https:\/\/marcostadelsol.com\/fr\/\",\"name\":\"Mar Costa del Sol\",\"description\":\"\",\"potentialAction\":[{\"@type\":\"SearchAction\",\"target\":{\"@type\":\"EntryPoint\",\"urlTemplate\":\"https:\/\/marcostadelsol.com\/fr\/?s={search_term_string}\"},\"query-input\":\"required name=search_term_string\"}],\"inLanguage\":\"fr-FR\"}]}<\/script>\n<!-- \/ Yoast SEO plugin. -->","yoast_head_json":{"title":"Proprietes - Mar Costa del Sol","robots":{"index":"index","follow":"follow","max-snippet":"max-snippet:-1","max-image-preview":"max-image-preview:large","max-video-preview":"max-video-preview:-1"},"canonical":"https:\/\/marcostadelsol.com\/fr\/proprietes\/","og_locale":"fr_FR","og_type":"article","og_title":"Proprietes - Mar Costa del Sol","og_description":"PROPRIETES Recherch\u00e9 de propri\u00e9t\u00e9s sur la Costa del Sol Nous sommes sp\u00e9cialis\u00e9s dans les propri\u00e9t\u00e9s situ\u00e9es sur la Costa del Sol, o\u00f9 nous pouvons trouver le bien que vous souhaitez (Appartement, Chalet, Villa, etc.). Nous vous pr\u00e9sentons ici quelques-unes des propri\u00e9t\u00e9s actuellement disponibles \u00e0 la vente tout au long de la Costa del Sol. Si ... Lire la suite","og_url":"https:\/\/marcostadelsol.com\/fr\/proprietes\/","og_site_name":"Mar Costa del Sol","article_modified_time":"2025-11-10T10:20:54+00:00","twitter_card":"summary_large_image","twitter_misc":{"Dur\u00e9e de lecture estim\u00e9e":"4 minutes"},"schema":{"@context":"https:\/\/schema.org","@graph":[{"@type":"WebPage","@id":"https:\/\/marcostadelsol.com\/fr\/proprietes\/","url":"https:\/\/marcostadelsol.com\/fr\/proprietes\/","name":"Proprietes - Mar Costa del Sol","isPartOf":{"@id":"https:\/\/marcostadelsol.com\/fr\/#website"},"datePublished":"2025-11-10T10:19:25+00:00","dateModified":"2025-11-10T10:20:54+00:00","breadcrumb":{"@id":"https:\/\/marcostadelsol.com\/fr\/proprietes\/#breadcrumb"},"inLanguage":"fr-FR","potentialAction":[{"@type":"ReadAction","target":["https:\/\/marcostadelsol.com\/fr\/proprietes\/"]}]},{"@type":"BreadcrumbList","@id":"https:\/\/marcostadelsol.com\/fr\/proprietes\/#breadcrumb","itemListElement":[{"@type":"ListItem","position":1,"name":"Portada","item":"https:\/\/marcostadelsol.com\/fr\/"},{"@type":"ListItem","position":2,"name":"Proprietes"}]},{"@type":"WebSite","@id":"https:\/\/marcostadelsol.com\/fr\/#website","url":"https:\/\/marcostadelsol.com\/fr\/","name":"Mar Costa del Sol","description":"","potentialAction":[{"@type":"SearchAction","target":{"@type":"EntryPoint","urlTemplate":"https:\/\/marcostadelsol.com\/fr\/?s={search_term_string}"},"query-input":"required name=search_term_string"}],"inLanguage":"fr-FR"}]}},"_links":{"self":[{"href":"https:\/\/marcostadelsol.com\/fr\/wp-json\/wp\/v2\/pages\/5165","targetHints":{"allow":["GET"]}}],"collection":[{"href":"https:\/\/marcostadelsol.com\/fr\/wp-json\/wp\/v2\/pages"}],"about":[{"href":"https:\/\/marcostadelsol.com\/fr\/wp-json\/wp\/v2\/types\/page"}],"author":[{"embeddable":true,"href":"https:\/\/marcostadelsol.com\/fr\/wp-json\/wp\/v2\/users\/5"}],"replies":[{"embeddable":true,"href":"https:\/\/marcostadelsol.com\/fr\/wp-json\/wp\/v2\/comments?post=5165"}],"version-history":[{"count":4,"href":"https:\/\/marcostadelsol.com\/fr\/wp-json\/wp\/v2\/pages\/5165\/revisions"}],"predecessor-version":[{"id":5169,"href":"https:\/\/marcostadelsol.com\/fr\/wp-json\/wp\/v2\/pages\/5165\/revisions\/5169"}],"wp:attachment":[{"href":"https:\/\/marcostadelsol.com\/fr\/wp-json\/wp\/v2\/media?parent=5165"}],"curies":[{"name":"wp","href":"https:\/\/api.w.org\/{rel}","templated":true}]}}